{"id":1228,"date":"2021-08-10T04:11:53","date_gmt":"2021-08-10T04:11:53","guid":{"rendered":"https:\/\/www.deswaenhoeck.be\/wattedoen\/"},"modified":"2022-10-08T06:48:51","modified_gmt":"2022-10-08T06:48:51","slug":"freizeitangebote","status":"publish","type":"page","link":"https:\/\/www.deswaenhoeck.be\/de\/freizeitangebote\/","title":{"rendered":"Freizeitangebote"},"content":{"rendered":"<div class=\"wpb-content-wrapper\">[vc_row remove_bottom_col_margin=&#8220;true&#8220; css=&#8220;.vc_custom_1633039167311{margin-bottom: 100px !important;}&#8220;][vc_column]<div class=\"wpex-post-cards wpex-post-cards-blog_5 wpex-relative\"><div class=\"wpex-post-cards-inner\"><div class=\"wpex-post-cards-loop wpex-post-cards-grid wpex-row wpex-clr wpex-masonry-grid gap-60\"><div class=\"wpex-post-cards-entry col col-1 span_1_of_2 wpex-masonry-col post-1348 type-post cat-31\"><div class=\"wpex-card wpex-card-blog_5\"><div class=\"wpex-card-media wpex-mb-15 overlay-parent overlay-parent-1\"><div class=\"wpex-card-thumbnail wpex-relative\"><a href=\"https:\/\/www.brugseommeland.be\/nl\/doen\/fietsroute-verdwenen-zwinhavens-60-km\" target=\"_blank\" rel=\"noopener\"><img width=\"771\" height=\"370\" src=\"https:\/\/www.deswaenhoeck.be\/wp-content\/uploads\/2022\/09\/verdwenenzwinhavens_onlinebanners_1500x700_header.jpg\" class=\"wpex-align-middle\" alt=\"Radweg verdwenen Zwinhavens 60 km\" loading=\"lazy\" decoding=\"async\" srcset=\"https:\/\/www.deswaenhoeck.be\/wp-content\/uploads\/2022\/09\/verdwenenzwinhavens_onlinebanners_1500x700_header.jpg 771w, https:\/\/www.deswaenhoeck.be\/wp-content\/uploads\/2022\/09\/verdwenenzwinhavens_onlinebanners_1500x700_header-300x144.jpg 300w, https:\/\/www.deswaenhoeck.be\/wp-content\/uploads\/2022\/09\/verdwenenzwinhavens_onlinebanners_1500x700_header-768x369.jpg 768w\" sizes=\"auto, (max-width: 771px) 100vw, 771px\" \/><\/a><\/div><\/div><h2 class=\"wpex-card-title wpex-heading wpex-text-lg\"><a href=\"https:\/\/www.brugseommeland.be\/nl\/doen\/fietsroute-verdwenen-zwinhavens-60-km\" target=\"_blank\" rel=\"noopener\">Radweg verdwenen Zwinhavens 60 km<\/a><\/h2><\/div><\/div><div class=\"wpex-post-cards-entry col col-2 span_1_of_2 wpex-masonry-col post-1349 type-post cat-31\"><div class=\"wpex-card wpex-card-blog_5\"><div class=\"wpex-card-media wpex-mb-15 overlay-parent overlay-parent-1\"><div class=\"wpex-card-thumbnail wpex-relative\"><a href=\"https:\/\/www.brugseommeland.be\/nl\/groene-gordel-brugge\" target=\"_blank\" rel=\"noopener\"><img width=\"771\" height=\"370\" src=\"https:\/\/www.deswaenhoeck.be\/wp-content\/uploads\/2022\/09\/damme_0.jpg\" class=\"wpex-align-middle\" alt=\"Gr\u00fcner G\u00fcrtel Br\u00fcgge\" loading=\"lazy\" decoding=\"async\" srcset=\"https:\/\/www.deswaenhoeck.be\/wp-content\/uploads\/2022\/09\/damme_0.jpg 771w, https:\/\/www.deswaenhoeck.be\/wp-content\/uploads\/2022\/09\/damme_0-300x144.jpg 300w, https:\/\/www.deswaenhoeck.be\/wp-content\/uploads\/2022\/09\/damme_0-768x369.jpg 768w\" sizes=\"auto, (max-width: 771px) 100vw, 771px\" \/><\/a><\/div><\/div><h2 class=\"wpex-card-title wpex-heading wpex-text-lg\"><a href=\"https:\/\/www.brugseommeland.be\/nl\/groene-gordel-brugge\" target=\"_blank\" rel=\"noopener\">Gr\u00fcner G\u00fcrtel Br\u00fcgge<\/a><\/h2><\/div><\/div><div class=\"wpex-post-cards-entry col col-3 span_1_of_2 wpex-masonry-col post-1345 type-post cat-31\"><div class=\"wpex-card wpex-card-blog_5\"><div class=\"wpex-card-media wpex-mb-15 overlay-parent overlay-parent-1\"><div class=\"wpex-card-thumbnail wpex-relative\"><a href=\"https:\/\/www.brugseommeland.be\/nl\/doen\/lekker-fietsen-langs-velden-en-meersen\" target=\"_blank\" rel=\"noopener\"><img width=\"771\" height=\"370\" src=\"https:\/\/www.deswaenhoeck.be\/wp-content\/uploads\/2022\/09\/meersen_in_ver-assebroek.jpg\" class=\"wpex-align-middle\" alt=\"Sch\u00f6ner Radsport: Entlang der Felder und Meersen\" loading=\"lazy\" decoding=\"async\" srcset=\"https:\/\/www.deswaenhoeck.be\/wp-content\/uploads\/2022\/09\/meersen_in_ver-assebroek.jpg 771w, https:\/\/www.deswaenhoeck.be\/wp-content\/uploads\/2022\/09\/meersen_in_ver-assebroek-300x144.jpg 300w, https:\/\/www.deswaenhoeck.be\/wp-content\/uploads\/2022\/09\/meersen_in_ver-assebroek-768x369.jpg 768w\" sizes=\"auto, (max-width: 771px) 100vw, 771px\" \/><\/a><\/div><\/div><h2 class=\"wpex-card-title wpex-heading wpex-text-lg\"><a href=\"https:\/\/www.brugseommeland.be\/nl\/doen\/lekker-fietsen-langs-velden-en-meersen\" target=\"_blank\" rel=\"noopener\">Sch\u00f6ner Radsport: Entlang der Felder und Meersen<\/a><\/h2><\/div><\/div><div class=\"wpex-post-cards-entry col col-4 span_1_of_2 wpex-masonry-col post-1341 type-post cat-31\"><div class=\"wpex-card wpex-card-blog_5\"><div class=\"wpex-card-media wpex-mb-15 overlay-parent overlay-parent-1\"><div class=\"wpex-card-thumbnail wpex-relative\"><a href=\"https:\/\/www.brugseommeland.be\/nl\/doen\/lekker-fietsen-allemaal-beestjes\" target=\"_blank\" rel=\"noopener\"><img width=\"771\" height=\"370\" src=\"https:\/\/www.deswaenhoeck.be\/wp-content\/uploads\/2022\/09\/veurne_fietsen3_0.jpg\" class=\"wpex-align-middle\" alt=\"Sch\u00f6ner Radsport: Tiere entdecken!\" loading=\"lazy\" decoding=\"async\" srcset=\"https:\/\/www.deswaenhoeck.be\/wp-content\/uploads\/2022\/09\/veurne_fietsen3_0.jpg 771w, https:\/\/www.deswaenhoeck.be\/wp-content\/uploads\/2022\/09\/veurne_fietsen3_0-300x144.jpg 300w, https:\/\/www.deswaenhoeck.be\/wp-content\/uploads\/2022\/09\/veurne_fietsen3_0-768x369.jpg 768w\" sizes=\"auto, (max-width: 771px) 100vw, 771px\" \/><\/a><\/div><\/div><h2 class=\"wpex-card-title wpex-heading wpex-text-lg\"><a href=\"https:\/\/www.brugseommeland.be\/nl\/doen\/lekker-fietsen-allemaal-beestjes\" target=\"_blank\" rel=\"noopener\">Sch\u00f6ner Radsport: Tiere entdecken!<\/a><\/h2><\/div><\/div><div class=\"wpex-post-cards-entry col col-5 span_1_of_2 wpex-masonry-col post-1351 type-post cat-31\"><div class=\"wpex-card wpex-card-blog_5\"><div class=\"wpex-card-media wpex-mb-15 overlay-parent overlay-parent-1\"><div class=\"wpex-card-thumbnail wpex-relative\"><a href=\"https:\/\/www.brugseommeland.be\/nl\/doen\/lekker-fietsen-de-zwinstreek-smaakt\" target=\"_blank\" rel=\"noopener\"><img width=\"771\" height=\"370\" src=\"https:\/\/www.deswaenhoeck.be\/wp-content\/uploads\/2022\/09\/damse_vaart_5.jpg\" class=\"wpex-align-middle\" alt=\"Die k\u00f6stlichkeiten der Zwinregion entdecken!\" loading=\"lazy\" decoding=\"async\" srcset=\"https:\/\/www.deswaenhoeck.be\/wp-content\/uploads\/2022\/09\/damse_vaart_5.jpg 771w, https:\/\/www.deswaenhoeck.be\/wp-content\/uploads\/2022\/09\/damse_vaart_5-300x144.jpg 300w, https:\/\/www.deswaenhoeck.be\/wp-content\/uploads\/2022\/09\/damse_vaart_5-768x369.jpg 768w\" sizes=\"auto, (max-width: 771px) 100vw, 771px\" \/><\/a><\/div><\/div><h2 class=\"wpex-card-title wpex-heading wpex-text-lg\"><a href=\"https:\/\/www.brugseommeland.be\/nl\/doen\/lekker-fietsen-de-zwinstreek-smaakt\" target=\"_blank\" rel=\"noopener\">Die k\u00f6stlichkeiten der Zwinregion entdecken!<\/a><\/h2><\/div><\/div><div class=\"wpex-post-cards-entry col col-6 span_1_of_2 wpex-masonry-col post-1329 type-post cat-31\"><div class=\"wpex-card wpex-card-blog_5\"><div class=\"wpex-card-media wpex-mb-15 overlay-parent overlay-parent-1\"><div class=\"wpex-card-thumbnail wpex-relative\"><a href=\"https:\/\/www.brugseommeland.be\/nl\/doen\/korteketenfietsroute-damme\" target=\"_blank\" rel=\"noopener\"><img width=\"771\" height=\"370\" src=\"https:\/\/www.deswaenhoeck.be\/wp-content\/uploads\/2022\/09\/damme.jpg\" class=\"wpex-align-middle\" alt=\"Radfahren entlang der Korte Keten &#8211; Damme\" loading=\"lazy\" decoding=\"async\" srcset=\"https:\/\/www.deswaenhoeck.be\/wp-content\/uploads\/2022\/09\/damme.jpg 771w, https:\/\/www.deswaenhoeck.be\/wp-content\/uploads\/2022\/09\/damme-300x144.jpg 300w, https:\/\/www.deswaenhoeck.be\/wp-content\/uploads\/2022\/09\/damme-768x369.jpg 768w\" sizes=\"auto, (max-width: 771px) 100vw, 771px\" \/><\/a><\/div><\/div><h2 class=\"wpex-card-title wpex-heading wpex-text-lg\"><a href=\"https:\/\/www.brugseommeland.be\/nl\/doen\/korteketenfietsroute-damme\" target=\"_blank\" rel=\"noopener\">Radfahren entlang der Korte Keten &#8211; Damme<\/a><\/h2><\/div><\/div><div class=\"wpex-post-cards-entry col col-7 span_1_of_2 wpex-masonry-col post-1325 type-post cat-31\"><div class=\"wpex-card wpex-card-blog_5\"><div class=\"wpex-card-media wpex-mb-15 overlay-parent overlay-parent-1\"><div class=\"wpex-card-thumbnail wpex-relative\"><a href=\"https:\/\/www.brugseommeland.be\/nl\/doen\/lekker-fietsen-100-genieten-damme\" target=\"_blank\" rel=\"noopener\"><img width=\"771\" height=\"370\" src=\"https:\/\/www.deswaenhoeck.be\/wp-content\/uploads\/2022\/09\/damme_6.jpg\" class=\"wpex-align-middle\" alt=\"Radfahren: 100% Genuss in Damme\" loading=\"lazy\" decoding=\"async\" srcset=\"https:\/\/www.deswaenhoeck.be\/wp-content\/uploads\/2022\/09\/damme_6.jpg 771w, https:\/\/www.deswaenhoeck.be\/wp-content\/uploads\/2022\/09\/damme_6-300x144.jpg 300w, https:\/\/www.deswaenhoeck.be\/wp-content\/uploads\/2022\/09\/damme_6-768x369.jpg 768w\" sizes=\"auto, (max-width: 771px) 100vw, 771px\" \/><\/a><\/div><\/div><h2 class=\"wpex-card-title wpex-heading wpex-text-lg\"><a href=\"https:\/\/www.brugseommeland.be\/nl\/doen\/lekker-fietsen-100-genieten-damme\" target=\"_blank\" rel=\"noopener\">Radfahren: 100% Genuss in Damme<\/a><\/h2><\/div><\/div><div class=\"wpex-post-cards-entry col col-8 span_1_of_2 wpex-masonry-col post-1335 type-post cat-31 post_format-21\"><div class=\"wpex-card wpex-card-blog_5\"><div class=\"wpex-card-media wpex-mb-15 overlay-parent overlay-parent-1\"><div class=\"wpex-card-thumbnail wpex-relative\"><a href=\"https:\/\/www.deswaenhoeck.be\/de\/soll-ich-meine-knochen-anziehen\/\"><img width=\"3050\" height=\"1800\" src=\"https:\/\/www.deswaenhoeck.be\/wp-content\/uploads\/2022\/09\/Schermafbeelding-2022-09-16-om-17.06.30.png\" class=\"wpex-align-middle\" alt=\"Soll ich meine gummi stiefel anziehen?\" loading=\"lazy\" decoding=\"async\" srcset=\"https:\/\/www.deswaenhoeck.be\/wp-content\/uploads\/2022\/09\/Schermafbeelding-2022-09-16-om-17.06.30.png 3050w, https:\/\/www.deswaenhoeck.be\/wp-content\/uploads\/2022\/09\/Schermafbeelding-2022-09-16-om-17.06.30-300x177.png 300w, https:\/\/www.deswaenhoeck.be\/wp-content\/uploads\/2022\/09\/Schermafbeelding-2022-09-16-om-17.06.30-1024x604.png 1024w, https:\/\/www.deswaenhoeck.be\/wp-content\/uploads\/2022\/09\/Schermafbeelding-2022-09-16-om-17.06.30-768x453.png 768w, https:\/\/www.deswaenhoeck.be\/wp-content\/uploads\/2022\/09\/Schermafbeelding-2022-09-16-om-17.06.30-1536x906.png 1536w, https:\/\/www.deswaenhoeck.be\/wp-content\/uploads\/2022\/09\/Schermafbeelding-2022-09-16-om-17.06.30-2048x1209.png 2048w\" sizes=\"auto, (max-width: 3050px) 100vw, 3050px\" \/><\/a><\/div><\/div><h2 class=\"wpex-card-title wpex-heading wpex-text-lg\"><a href=\"https:\/\/www.deswaenhoeck.be\/de\/soll-ich-meine-knochen-anziehen\/\">Soll ich meine gummi stiefel anziehen?<\/a><\/h2><\/div><\/div><div class=\"wpex-post-cards-entry col col-9 span_1_of_2 wpex-masonry-col post-1331 type-post cat-31\"><div class=\"wpex-card wpex-card-blog_5\"><div class=\"wpex-card-media wpex-mb-15 overlay-parent overlay-parent-1\"><div class=\"wpex-card-thumbnail wpex-relative\"><a href=\"https:\/\/www.deswaenhoeck.be\/de\/golfen-in-der-naehe-von-de-swaenhoeck\/\"><img width=\"1657\" height=\"1263\" src=\"https:\/\/www.deswaenhoeck.be\/wp-content\/uploads\/2022\/09\/DJI_0002.jpg\" class=\"wpex-align-middle\" alt=\"Golfen in der N\u00e4he von De Swaenhoeck\" loading=\"lazy\" decoding=\"async\" srcset=\"https:\/\/www.deswaenhoeck.be\/wp-content\/uploads\/2022\/09\/DJI_0002.jpg 1657w, https:\/\/www.deswaenhoeck.be\/wp-content\/uploads\/2022\/09\/DJI_0002-300x229.jpg 300w, https:\/\/www.deswaenhoeck.be\/wp-content\/uploads\/2022\/09\/DJI_0002-1024x781.jpg 1024w, https:\/\/www.deswaenhoeck.be\/wp-content\/uploads\/2022\/09\/DJI_0002-768x585.jpg 768w, https:\/\/www.deswaenhoeck.be\/wp-content\/uploads\/2022\/09\/DJI_0002-1536x1171.jpg 1536w\" sizes=\"auto, (max-width: 1657px) 100vw, 1657px\" \/><\/a><\/div><\/div><h2 class=\"wpex-card-title wpex-heading wpex-text-lg\"><a href=\"https:\/\/www.deswaenhoeck.be\/de\/golfen-in-der-naehe-von-de-swaenhoeck\/\">Golfen in der N\u00e4he von De Swaenhoeck<\/a><\/h2><\/div><\/div><div class=\"wpex-post-cards-entry col col-10 span_1_of_2 wpex-masonry-col post-1334 type-post cat-46 post_format-21\"><div class=\"wpex-card wpex-card-blog_5\"><div class=\"wpex-card-media wpex-mb-15 overlay-parent overlay-parent-1\"><div class=\"wpex-card-thumbnail wpex-relative\"><a href=\"https:\/\/www.deswaenhoeck.be\/de\/reportage-de-swaenhoeck-fuer-vlaanderen-vakantieland\/\"><img width=\"3330\" height=\"1826\" src=\"https:\/\/www.deswaenhoeck.be\/wp-content\/uploads\/2021\/09\/Schermafbeelding-2022-09-16-om-12.22.22.png\" class=\"wpex-align-middle\" alt=\"Reportage De Swaenhoeck f\u00fcr Vlaanderen Vakantieland\" loading=\"lazy\" decoding=\"async\" srcset=\"https:\/\/www.deswaenhoeck.be\/wp-content\/uploads\/2021\/09\/Schermafbeelding-2022-09-16-om-12.22.22.png 3330w, https:\/\/www.deswaenhoeck.be\/wp-content\/uploads\/2021\/09\/Schermafbeelding-2022-09-16-om-12.22.22-300x165.png 300w, https:\/\/www.deswaenhoeck.be\/wp-content\/uploads\/2021\/09\/Schermafbeelding-2022-09-16-om-12.22.22-1024x562.png 1024w, https:\/\/www.deswaenhoeck.be\/wp-content\/uploads\/2021\/09\/Schermafbeelding-2022-09-16-om-12.22.22-768x421.png 768w, https:\/\/www.deswaenhoeck.be\/wp-content\/uploads\/2021\/09\/Schermafbeelding-2022-09-16-om-12.22.22-1536x842.png 1536w, https:\/\/www.deswaenhoeck.be\/wp-content\/uploads\/2021\/09\/Schermafbeelding-2022-09-16-om-12.22.22-2048x1123.png 2048w\" sizes=\"auto, (max-width: 3330px) 100vw, 3330px\" \/><\/a><\/div><\/div><h2 class=\"wpex-card-title wpex-heading wpex-text-lg\"><a href=\"https:\/\/www.deswaenhoeck.be\/de\/reportage-de-swaenhoeck-fuer-vlaanderen-vakantieland\/\">Reportage De Swaenhoeck f\u00fcr Vlaanderen Vakantieland<\/a><\/h2><\/div><\/div><\/div><\/div><\/div>[\/vc_column][\/vc_row]\n<\/div>","protected":false},"excerpt":{"rendered":"<p>[vc_row remove_bottom_col_margin=&#8220;true&#8220; css=&#8220;.vc_custom_1633039167311{margin-bottom: 100px !important;}&#8220;][vc_column][\/vc_column][\/vc_row]<\/p>\n","protected":false},"author":1,"featured_media":800,"parent":0,"menu_order":0,"comment_status":"closed","ping_status":"closed","template":"","meta":{"footnotes":""},"class_list":["post-1228","page","type-page","status-publish","has-post-thumbnail","hentry","entry","has-media"],"_links":{"self":[{"href":"https:\/\/www.deswaenhoeck.be\/de\/wp-json\/wp\/v2\/pages\/1228","targetHints":{"allow":["GET"]}}],"collection":[{"href":"https:\/\/www.deswaenhoeck.be\/de\/wp-json\/wp\/v2\/pages"}],"about":[{"href":"https:\/\/www.deswaenhoeck.be\/de\/wp-json\/wp\/v2\/types\/page"}],"author":[{"embeddable":true,"href":"https:\/\/www.deswaenhoeck.be\/de\/wp-json\/wp\/v2\/users\/1"}],"replies":[{"embeddable":true,"href":"https:\/\/www.deswaenhoeck.be\/de\/wp-json\/wp\/v2\/comments?post=1228"}],"version-history":[{"count":3,"href":"https:\/\/www.deswaenhoeck.be\/de\/wp-json\/wp\/v2\/pages\/1228\/revisions"}],"predecessor-version":[{"id":1540,"href":"https:\/\/www.deswaenhoeck.be\/de\/wp-json\/wp\/v2\/pages\/1228\/revisions\/1540"}],"wp:featuredmedia":[{"embeddable":true,"href":"https:\/\/www.deswaenhoeck.be\/de\/wp-json\/wp\/v2\/media\/800"}],"wp:attachment":[{"href":"https:\/\/www.deswaenhoeck.be\/de\/wp-json\/wp\/v2\/media?parent=1228"}],"curies":[{"name":"wp","href":"https:\/\/api.w.org\/{rel}","templated":true}]}}