{"id":1237,"date":"2021-08-10T04:38:54","date_gmt":"2021-08-10T04:38:54","guid":{"rendered":"https:\/\/www.deswaenhoeck.be\/la-propriete\/"},"modified":"2022-09-27T06:07:27","modified_gmt":"2022-09-27T06:07:27","slug":"la-propriete","status":"publish","type":"page","link":"https:\/\/www.deswaenhoeck.be\/fr\/la-propriete\/","title":{"rendered":"La propri\u00e9t\u00e9"},"content":{"rendered":"<div class=\"wpb-content-wrapper\">[vc_row][vc_column]<div class=\"wpex-post-cards wpex-post-cards-template_441 wpex-relative\"><div class=\"wpex-post-cards-inner\"><div class=\"wpex-post-cards-loop wpex-post-cards-grid wpex-row wpex-clr gap-60\"><div class=\"wpex-post-cards-entry col col-1 span_1_of_2 post-1308 type-page translation_priority-35\"><div class=\"wpex-card wpex-card-template_441\"><a href=\"https:\/\/www.deswaenhoeck.be\/fr\/la-propriete\/pays-delft-bakkershuys-16-personnes\/\" aria-label=\"Land, Delft &#038; Bakkershuys (16 personnes)\" class=\"wpex-card-inner wpex-no-underline wpex-inherit-color\"><div class=\"vc_row wpb_row vc_row-fluid wpex-relative\"><div class=\"wpb_column vc_column_container vc_col-sm-12\"><div class=\"vc_column-inner\"><div class=\"wpb_wrapper\"><h3 class=\"vcex-heading vcex-heading-plain vcex-module wpex-heading wpex-text-2xl wpex-h3\"><span class=\"vcex-heading-inner wpex-inline-block\">Land, Delft &#038; Bakkershuys (16 personnes)<\/span><\/h3><figure class=\"vcex-image vcex-module room\"><div class=\"vcex-image-inner wpex-relative wpex-inline-block\"><img loading=\"lazy\" class=\"vcex-image-img wpex-align-middle\" decoding=\"async\" src=\"https:\/\/www.deswaenhoeck.be\/wp-content\/uploads\/2022\/09\/P1000465-scaled-600x400.jpg\" alt=\"\" width=\"600\" height=\"400\"><\/div><\/figure><div class=\"vcex-spacing wpex-w-100 wpex-clear\"><\/div><span href=\"https:\/\/www.deswaenhoeck.be\/fr\/la-propriete\/pays-delft-bakkershuys-16-personnes\/\" class=\"vcex-button theme-button inline\"><span class=\"vcex-button-inner theme-button-inner wpex-flex wpex-flex-wrap wpex-items-center wpex-justify-center\">D\u00e9couvrir maintenant<\/span><\/span> <\/div><\/div><\/div><\/div>\r\n<\/a><\/div><\/div><div class=\"wpex-post-cards-entry col col-2 span_1_of_2 post-1288 type-page translation_priority-35\"><div class=\"wpex-card wpex-card-template_441\"><a href=\"https:\/\/www.deswaenhoeck.be\/fr\/la-propriete\/land-et-delftshuys-12-personnes\/\" aria-label=\"Land et Delftshuys (12 personnes)\" class=\"wpex-card-inner wpex-no-underline wpex-inherit-color\"><div class=\"vc_row wpb_row vc_row-fluid wpex-relative\"><div class=\"wpb_column vc_column_container vc_col-sm-12\"><div class=\"vc_column-inner\"><div class=\"wpb_wrapper\"><h3 class=\"vcex-heading vcex-heading-plain vcex-module wpex-heading wpex-text-2xl wpex-h3\"><span class=\"vcex-heading-inner wpex-inline-block\">Land et Delftshuys (12 personnes)<\/span><\/h3><figure class=\"vcex-image vcex-module room\"><div class=\"vcex-image-inner wpex-relative wpex-inline-block\"><img loading=\"lazy\" class=\"vcex-image-img wpex-align-middle\" decoding=\"async\" src=\"https:\/\/www.deswaenhoeck.be\/wp-content\/uploads\/2022\/09\/P1200779-1-scaled-600x400.jpg\" alt=\"\" width=\"600\" height=\"400\"><\/div><\/figure><div class=\"vcex-spacing wpex-w-100 wpex-clear\"><\/div><span href=\"https:\/\/www.deswaenhoeck.be\/fr\/la-propriete\/land-et-delftshuys-12-personnes\/\" class=\"vcex-button theme-button inline\"><span class=\"vcex-button-inner theme-button-inner wpex-flex wpex-flex-wrap wpex-items-center wpex-justify-center\">D\u00e9couvrir maintenant<\/span><\/span> <\/div><\/div><\/div><\/div>\r\n<\/a><\/div><\/div><div class=\"wpex-post-cards-entry col col-1 span_1_of_2 post-1287 type-page\"><div class=\"wpex-card wpex-card-template_441\"><a href=\"https:\/\/www.deswaenhoeck.be\/fr\/la-propriete\/landhuys\/\" aria-label=\"Landhuys\" class=\"wpex-card-inner wpex-no-underline wpex-inherit-color\"><div class=\"vc_row wpb_row vc_row-fluid wpex-relative\"><div class=\"wpb_column vc_column_container vc_col-sm-12\"><div class=\"vc_column-inner\"><div class=\"wpb_wrapper\"><h3 class=\"vcex-heading vcex-heading-plain vcex-module wpex-heading wpex-text-2xl wpex-h3\"><span class=\"vcex-heading-inner wpex-inline-block\">Landhuys<\/span><\/h3><figure class=\"vcex-image vcex-module room\"><div class=\"vcex-image-inner wpex-relative wpex-inline-block\"><img loading=\"lazy\" class=\"vcex-image-img wpex-align-middle\" decoding=\"async\" src=\"https:\/\/www.deswaenhoeck.be\/wp-content\/uploads\/2022\/09\/001-2-600x400.jpg\" alt=\"\" width=\"600\" height=\"400\"><\/div><\/figure><div class=\"vcex-spacing wpex-w-100 wpex-clear\"><\/div><span href=\"https:\/\/www.deswaenhoeck.be\/fr\/la-propriete\/landhuys\/\" class=\"vcex-button theme-button inline\"><span class=\"vcex-button-inner theme-button-inner wpex-flex wpex-flex-wrap wpex-items-center wpex-justify-center\">D\u00e9couvrir maintenant<\/span><\/span> <\/div><\/div><\/div><\/div>\r\n<\/a><\/div><\/div><div class=\"wpex-post-cards-entry col col-2 span_1_of_2 post-1278 type-page\"><div class=\"wpex-card wpex-card-template_441\"><a href=\"https:\/\/www.deswaenhoeck.be\/fr\/la-propriete\/bakkershuys\/\" aria-label=\"Bakkershuys\" class=\"wpex-card-inner wpex-no-underline wpex-inherit-color\"><div class=\"vc_row wpb_row vc_row-fluid wpex-relative\"><div class=\"wpb_column vc_column_container vc_col-sm-12\"><div class=\"vc_column-inner\"><div class=\"wpb_wrapper\"><h3 class=\"vcex-heading vcex-heading-plain vcex-module wpex-heading wpex-text-2xl wpex-h3\"><span class=\"vcex-heading-inner wpex-inline-block\">Bakkershuys<\/span><\/h3><figure class=\"vcex-image vcex-module room\"><div class=\"vcex-image-inner wpex-relative wpex-inline-block\"><img loading=\"lazy\" class=\"vcex-image-img wpex-align-middle\" decoding=\"async\" src=\"https:\/\/www.deswaenhoeck.be\/wp-content\/uploads\/2022\/09\/008-1-600x400.jpg\" alt=\"\" width=\"600\" height=\"400\"><\/div><\/figure><div class=\"vcex-spacing wpex-w-100 wpex-clear\"><\/div><span href=\"https:\/\/www.deswaenhoeck.be\/fr\/la-propriete\/bakkershuys\/\" class=\"vcex-button theme-button inline\"><span class=\"vcex-button-inner theme-button-inner wpex-flex wpex-flex-wrap wpex-items-center wpex-justify-center\">D\u00e9couvrir maintenant<\/span><\/span> <\/div><\/div><\/div><\/div>\r\n<\/a><\/div><\/div><div class=\"wpex-post-cards-entry col col-1 span_1_of_2 post-1281 type-page\"><div class=\"wpex-card wpex-card-template_441\"><a href=\"https:\/\/www.deswaenhoeck.be\/fr\/la-propriete\/chambre-dhotes\/\" aria-label=\"Chambre d&rsquo;h\u00f4tes\" class=\"wpex-card-inner wpex-no-underline wpex-inherit-color\"><div class=\"vc_row wpb_row vc_row-fluid wpex-relative\"><div class=\"wpb_column vc_column_container vc_col-sm-12\"><div class=\"vc_column-inner\"><div class=\"wpb_wrapper\"><h3 class=\"vcex-heading vcex-heading-plain vcex-module wpex-heading wpex-text-2xl wpex-h3\"><span class=\"vcex-heading-inner wpex-inline-block\">Chambre d&rsquo;h\u00f4tes<\/span><\/h3><figure class=\"vcex-image vcex-module room\"><div class=\"vcex-image-inner wpex-relative wpex-inline-block\"><img loading=\"lazy\" class=\"vcex-image-img wpex-align-middle\" decoding=\"async\" src=\"https:\/\/www.deswaenhoeck.be\/wp-content\/uploads\/2022\/09\/bb3-full-600x400.jpg\" alt=\"\" width=\"600\" height=\"400\"><\/div><\/figure><div class=\"vcex-spacing wpex-w-100 wpex-clear\"><\/div><span href=\"https:\/\/www.deswaenhoeck.be\/fr\/la-propriete\/chambre-dhotes\/\" class=\"vcex-button theme-button inline\"><span class=\"vcex-button-inner theme-button-inner wpex-flex wpex-flex-wrap wpex-items-center wpex-justify-center\">D\u00e9couvrir maintenant<\/span><\/span> <\/div><\/div><\/div><\/div>\r\n<\/a><\/div><\/div><div class=\"wpex-post-cards-entry col col-2 span_1_of_2 post-1314 type-page\"><div class=\"wpex-card wpex-card-template_441\"><a href=\"https:\/\/www.deswaenhoeck.be\/fr\/la-propriete\/delftshuys\/\" aria-label=\"Delftshuys\" class=\"wpex-card-inner wpex-no-underline wpex-inherit-color\"><div class=\"vc_row wpb_row vc_row-fluid wpex-relative\"><div class=\"wpb_column vc_column_container vc_col-sm-12\"><div class=\"vc_column-inner\"><div class=\"wpb_wrapper\"><h3 class=\"vcex-heading vcex-heading-plain vcex-module wpex-heading wpex-text-2xl wpex-h3\"><span class=\"vcex-heading-inner wpex-inline-block\">Delftshuys<\/span><\/h3><figure class=\"vcex-image vcex-module room\"><div class=\"vcex-image-inner wpex-relative wpex-inline-block\"><img loading=\"lazy\" class=\"vcex-image-img wpex-align-middle\" decoding=\"async\" src=\"https:\/\/www.deswaenhoeck.be\/wp-content\/uploads\/2022\/09\/006-600x400.jpg\" alt=\"\" width=\"600\" height=\"400\"><\/div><\/figure><div class=\"vcex-spacing wpex-w-100 wpex-clear\"><\/div><span href=\"https:\/\/www.deswaenhoeck.be\/fr\/la-propriete\/delftshuys\/\" class=\"vcex-button theme-button inline\"><span class=\"vcex-button-inner theme-button-inner wpex-flex wpex-flex-wrap wpex-items-center wpex-justify-center\">D\u00e9couvrir maintenant<\/span><\/span> <\/div><\/div><\/div><\/div>\r\n<\/a><\/div><\/div><\/div><\/div><\/div>[\/vc_column][\/vc_row]\n<\/div>","protected":false},"excerpt":{"rendered":"Installations 4 adultes (\u00e9ventuellement + 2 enfants) 2 chambres spacieuses avec un lit double 1\u00a0 canap\u00e9-lit pour 2 enfants 1 salle de bain toilettes s\u00e9par\u00e9es cuisine enti\u00e8rement \u00e9quip\u00e9e R\u00e9servez la ferme de Delft maintenant","protected":false},"author":1,"featured_media":0,"parent":0,"menu_order":0,"comment_status":"closed","ping_status":"closed","template":"","meta":{"footnotes":""},"class_list":["post-1237","page","type-page","status-publish","hentry","entry","no-media"],"_links":{"self":[{"href":"https:\/\/www.deswaenhoeck.be\/fr\/wp-json\/wp\/v2\/pages\/1237","targetHints":{"allow":["GET"]}}],"collection":[{"href":"https:\/\/www.deswaenhoeck.be\/fr\/wp-json\/wp\/v2\/pages"}],"about":[{"href":"https:\/\/www.deswaenhoeck.be\/fr\/wp-json\/wp\/v2\/types\/page"}],"author":[{"embeddable":true,"href":"https:\/\/www.deswaenhoeck.be\/fr\/wp-json\/wp\/v2\/users\/1"}],"replies":[{"embeddable":true,"href":"https:\/\/www.deswaenhoeck.be\/fr\/wp-json\/wp\/v2\/comments?post=1237"}],"version-history":[{"count":1,"href":"https:\/\/www.deswaenhoeck.be\/fr\/wp-json\/wp\/v2\/pages\/1237\/revisions"}],"predecessor-version":[{"id":1243,"href":"https:\/\/www.deswaenhoeck.be\/fr\/wp-json\/wp\/v2\/pages\/1237\/revisions\/1243"}],"wp:attachment":[{"href":"https:\/\/www.deswaenhoeck.be\/fr\/wp-json\/wp\/v2\/media?parent=1237"}],"curies":[{"name":"wp","href":"https:\/\/api.w.org\/{rel}","templated":true}]}}